{"id":4282,"date":"2025-06-05T09:36:19","date_gmt":"2025-06-05T07:36:19","guid":{"rendered":"https:\/\/livbyneher.betacenter.net\/?post_type=product&#038;p=4282"},"modified":"2025-12-09T16:07:42","modified_gmt":"2025-12-09T15:07:42","slug":"schutzdeckel-fuer-glaeser-in-2er-set","status":"publish","type":"product","link":"https:\/\/livbyneher.betacenter.net\/en\/produkt\/schutzdeckel-fuer-glaeser-in-2er-set\/","title":{"rendered":"Schutzdeckel f\u00fcr Gl\u00e4ser in 2er Set"},"content":{"rendered":"[vc_row type=&#8221;in_container&#8221; full_screen_row_position=&#8221;middle&#8221; column_margin=&#8221;none&#8221; equal_height=&#8221;yes&#8221; column_direction=&#8221;default&#8221; column_direction_tablet=&#8221;default&#8221; column_direction_phone=&#8221;default&#8221; scene_position=&#8221;center&#8221; text_color=&#8221;dark&#8221; text_align=&#8221;left&#8221; row_border_radius=&#8221;none&#8221; row_border_radius_applies=&#8221;bg&#8221; overflow=&#8221;visible&#8221; overlay_strength=&#8221;0.3&#8243; gradient_direction=&#8221;left_to_right&#8221; shape_divider_position=&#8221;bottom&#8221; bg_image_animation=&#8221;none&#8221; gradient_type=&#8221;default&#8221; shape_type=&#8221;&#8221;][vc_column right_padding_desktop=&#8221;5%&#8221; column_element_direction_desktop=&#8221;default&#8221; column_element_spacing=&#8221;default&#8221; desktop_text_alignment=&#8221;default&#8221; tablet_text_alignment=&#8221;default&#8221; phone_text_alignment=&#8221;default&#8221; background_color_opacity=&#8221;1&#8243; background_hover_color_opacity=&#8221;1&#8243; background_image=&#8221;4367&#8243; background_image_position=&#8221;center center&#8221; background_image_stacking=&#8221;default&#8221; enable_bg_scale=&#8221;true&#8221; background_image_loading=&#8221;default&#8221; column_backdrop_filter=&#8221;none&#8221; column_shadow=&#8221;none&#8221; column_border_radius=&#8221;none&#8221; column_link_target=&#8221;_self&#8221; column_position=&#8221;default&#8221; gradient_direction=&#8221;left_to_right&#8221; overlay_strength=&#8221;0.3&#8243; width=&#8221;3\/5&#8243; tablet_width_inherit=&#8221;default&#8221; animation_type=&#8221;default&#8221; bg_image_animation=&#8221;none&#8221; border_type=&#8221;simple&#8221; column_border_width=&#8221;none&#8221; column_border_style=&#8221;solid&#8221; column_padding_type=&#8221;advanced&#8221; gradient_type=&#8221;default&#8221; offset=&#8221;vc_hidden-sm vc_hidden-xs&#8221;][divider line_type=&#8221;No Line&#8221; custom_height=&#8221;800&#8243;][\/vc_column][vc_column left_padding_desktop=&#8221;12%&#8221; constrain_group_101=&#8221;yes&#8221; right_padding_desktop=&#8221;12%&#8221; left_padding_tablet=&#8221;5%&#8221; constrain_group_103=&#8221;yes&#8221; right_padding_tablet=&#8221;5%&#8221; column_element_direction_desktop=&#8221;default&#8221; column_element_spacing=&#8221;default&#8221; desktop_text_alignment=&#8221;default&#8221; tablet_text_alignment=&#8221;default&#8221; phone_text_alignment=&#8221;default&#8221; background_color_opacity=&#8221;1&#8243; background_hover_color_opacity=&#8221;1&#8243; column_backdrop_filter=&#8221;none&#8221; column_shadow=&#8221;none&#8221; column_border_radius=&#8221;none&#8221; column_link_target=&#8221;_self&#8221; column_position=&#8221;default&#8221; gradient_direction=&#8221;left_to_right&#8221; overlay_strength=&#8221;0.3&#8243; width=&#8221;2\/5&#8243; tablet_width_inherit=&#8221;default&#8221; animation_type=&#8221;default&#8221; bg_image_animation=&#8221;none&#8221; border_type=&#8221;simple&#8221; column_border_width=&#8221;none&#8221; column_border_style=&#8221;solid&#8221; column_padding_type=&#8221;advanced&#8221; gradient_type=&#8221;default&#8221;][vc_column_text text_direction=&#8221;default&#8221;]<strong>Material:<\/strong><br \/>\nBuche unbehandelt<\/p>\n<p><strong>Ma\u00dfe:<\/strong><br \/>\nDurchmesser 100mm<\/p>\n<p>Zapfen 60mm<\/p>\n<p>St\u00e4rke 15mm<\/p>\n<p><strong>Im Set enthalten:<\/strong><br \/>\n2 Trinkdeckel aus unbehandelter Buche<\/p>\n<p><strong>Pflegehinweis:<\/strong><br \/>\nBitte nicht in der Sp\u00fclmaschine reinigen. Zur Pflege reicht ein feuchtes Tuch.[\/vc_column_text][divider line_type=&#8221;No Line&#8221; custom_height=&#8221;50&#8243;][\/vc_column][\/vc_row]\n","protected":false},"excerpt":{"rendered":"<p>Unsere formsch\u00f6nen Trinkdeckel aus unbehandelter Buche sch\u00fctzen deine Getr\u00e4nke zuverl\u00e4ssig vor Insekten \u2013 ganz ohne Plastik und mit einem feinen Gesp\u00fcr f\u00fcr Design. Ob auf dem Balkon, beim Picknick oder am Fr\u00fchst\u00fcckstisch: Die Deckel passen auf g\u00e4ngige Tassen und Gl\u00e4ser und bewahren deinen Genussmoment \u2013 in Ruhe und mit Stil.<\/p>\n<p>Ein kleiner, unauff\u00e4lliger Zapfen auf der Unterseite sorgt daf\u00fcr, dass der Deckel stabil auf dem Glas sitzt und nicht verrutscht.<\/p>\n<p>Das Holz bleibt bewusst unbehandelt \u2013 f\u00fcr einen sicheren Kontakt mit Lebensmitteln und ein angenehm nat\u00fcrliches Gef\u00fchl. Wenn du m\u00f6chtest, kannst du die Oberfl\u00e4che mit einem neutralen Speise\u00f6l pflegen \u2013 das verleiht dem Holz eine etwas w\u00e4rmere T\u00f6nung und erh\u00f6ht die Widerstandsf\u00e4higkeit.<\/p>\n<p>Jedes Set wird mit viel Sorgfalt in einer inklusiven Werkstatt in Deutschland gefertigt \u2013 so steht hinter jedem St\u00fcck nicht nur handwerkliche Qualit\u00e4t, sondern auch eine soziale Haltung, die viele unserer Produkte auszeichnet.<\/p>\n","protected":false},"featured_media":4363,"comment_status":"open","ping_status":"closed","template":"","meta":[],"product_brand":[],"product_cat":[30],"product_tag":[],"class_list":{"0":"post-4282","1":"product","2":"type-product","3":"status-publish","4":"has-post-thumbnail","6":"product_cat-insektenschutz","8":"first","9":"instock","10":"taxable","11":"shipping-taxable","12":"purchasable","13":"product-type-simple"},"yoast_head":"<!-- This site is optimized with the Yoast SEO plugin v27.5 - https:\/\/yoast.com\/product\/yoast-seo-wordpress\/ -->\n<title>Schutzdeckel f\u00fcr Gl\u00e4ser in 2er Set - LIV by Neher<\/title>\n<meta name=\"description\" content=\"Holzdeckel f\u00fcr Gl\u00e4ser &amp; Tassen im 2er-Set \u2013 Insektenschutz aus unbehandeltem Buchenholz. Handgemacht in inklusiver Werkstatt.\" \/>\n<meta name=\"robots\" content=\"index, follow, max-snippet:-1, max-image-preview:large, max-video-preview:-1\" \/>\n<link rel=\"canonical\" href=\"https:\/\/livbyneher.betacenter.net\/en\/produkt\/schutzdeckel-fuer-glaeser-in-2er-set\/\" \/>\n<meta property=\"og:locale\" content=\"en_US\" \/>\n<meta property=\"og:type\" content=\"article\" \/>\n<meta property=\"og:title\" content=\"Schutzdeckel f\u00fcr Gl\u00e4ser in 2er Set - LIV by Neher\" \/>\n<meta property=\"og:description\" content=\"Holzdeckel f\u00fcr Gl\u00e4ser &amp; Tassen im 2er-Set \u2013 Insektenschutz aus unbehandeltem Buchenholz. Handgemacht in inklusiver Werkstatt.\" \/>\n<meta property=\"og:url\" content=\"https:\/\/livbyneher.betacenter.net\/en\/produkt\/schutzdeckel-fuer-glaeser-in-2er-set\/\" \/>\n<meta property=\"og:site_name\" content=\"LIV by Neher\" \/>\n<meta property=\"article:modified_time\" content=\"2025-12-09T15:07:42+00:00\" \/>\n<meta property=\"og:image\" content=\"https:\/\/livbyneher.betacenter.net\/wp-content\/uploads\/2025\/06\/Holz_Deckel_Glas.jpg\" \/>\n\t<meta property=\"og:image:width\" content=\"1020\" \/>\n\t<meta property=\"og:image:height\" content=\"1020\" \/>\n\t<meta property=\"og:image:type\" content=\"image\/jpeg\" \/>\n<meta name=\"twitter:card\" content=\"summary_large_image\" \/>\n<meta name=\"twitter:label1\" content=\"Est. reading time\" \/>\n\t<meta name=\"twitter:data1\" content=\"2 minutes\" \/>\n<script type=\"application\/ld+json\" class=\"yoast-schema-graph\">{\"@context\":\"https:\\\/\\\/schema.org\",\"@graph\":[{\"@type\":\"WebPage\",\"@id\":\"https:\\\/\\\/livbyneher.betacenter.net\\\/en\\\/produkt\\\/schutzdeckel-fuer-glaeser-in-2er-set\\\/\",\"url\":\"https:\\\/\\\/livbyneher.betacenter.net\\\/en\\\/produkt\\\/schutzdeckel-fuer-glaeser-in-2er-set\\\/\",\"name\":\"Schutzdeckel f\u00fcr Gl\u00e4ser in 2er Set - LIV by Neher\",\"isPartOf\":{\"@id\":\"https:\\\/\\\/livbyneher.betacenter.net\\\/en\\\/#website\"},\"primaryImageOfPage\":{\"@id\":\"https:\\\/\\\/livbyneher.betacenter.net\\\/en\\\/produkt\\\/schutzdeckel-fuer-glaeser-in-2er-set\\\/#primaryimage\"},\"image\":{\"@id\":\"https:\\\/\\\/livbyneher.betacenter.net\\\/en\\\/produkt\\\/schutzdeckel-fuer-glaeser-in-2er-set\\\/#primaryimage\"},\"thumbnailUrl\":\"https:\\\/\\\/livbyneher.betacenter.net\\\/wp-content\\\/uploads\\\/2025\\\/06\\\/Holz_Deckel_Glas.jpg\",\"datePublished\":\"2025-06-05T07:36:19+00:00\",\"dateModified\":\"2025-12-09T15:07:42+00:00\",\"description\":\"Holzdeckel f\u00fcr Gl\u00e4ser & Tassen im 2er-Set \u2013 Insektenschutz aus unbehandeltem Buchenholz. Handgemacht in inklusiver Werkstatt.\",\"breadcrumb\":{\"@id\":\"https:\\\/\\\/livbyneher.betacenter.net\\\/en\\\/produkt\\\/schutzdeckel-fuer-glaeser-in-2er-set\\\/#breadcrumb\"},\"inLanguage\":\"en-US\",\"potentialAction\":[{\"@type\":\"ReadAction\",\"target\":[\"https:\\\/\\\/livbyneher.betacenter.net\\\/en\\\/produkt\\\/schutzdeckel-fuer-glaeser-in-2er-set\\\/\"]}]},{\"@type\":\"ImageObject\",\"inLanguage\":\"en-US\",\"@id\":\"https:\\\/\\\/livbyneher.betacenter.net\\\/en\\\/produkt\\\/schutzdeckel-fuer-glaeser-in-2er-set\\\/#primaryimage\",\"url\":\"https:\\\/\\\/livbyneher.betacenter.net\\\/wp-content\\\/uploads\\\/2025\\\/06\\\/Holz_Deckel_Glas.jpg\",\"contentUrl\":\"https:\\\/\\\/livbyneher.betacenter.net\\\/wp-content\\\/uploads\\\/2025\\\/06\\\/Holz_Deckel_Glas.jpg\",\"width\":1020,\"height\":1020},{\"@type\":\"BreadcrumbList\",\"@id\":\"https:\\\/\\\/livbyneher.betacenter.net\\\/en\\\/produkt\\\/schutzdeckel-fuer-glaeser-in-2er-set\\\/#breadcrumb\",\"itemListElement\":[{\"@type\":\"ListItem\",\"position\":1,\"name\":\"Startseite\",\"item\":\"https:\\\/\\\/livbyneher.betacenter.net\\\/en\\\/home-page-2\\\/\"},{\"@type\":\"ListItem\",\"position\":2,\"name\":\"Shop\",\"item\":\"https:\\\/\\\/livbyneher.betacenter.net\\\/en\\\/shop\\\/\"},{\"@type\":\"ListItem\",\"position\":3,\"name\":\"Schutzdeckel f\u00fcr Gl\u00e4ser in 2er Set\"}]},{\"@type\":\"WebSite\",\"@id\":\"https:\\\/\\\/livbyneher.betacenter.net\\\/en\\\/#website\",\"url\":\"https:\\\/\\\/livbyneher.betacenter.net\\\/en\\\/\",\"name\":\"LIV by Neher\",\"description\":\"Your insect savior. Gentle on insects. Practical for you.\",\"publisher\":{\"@id\":\"https:\\\/\\\/livbyneher.betacenter.net\\\/en\\\/#organization\"},\"potentialAction\":[{\"@type\":\"SearchAction\",\"target\":{\"@type\":\"EntryPoint\",\"urlTemplate\":\"https:\\\/\\\/livbyneher.betacenter.net\\\/en\\\/?s={search_term_string}\"},\"query-input\":{\"@type\":\"PropertyValueSpecification\",\"valueRequired\":true,\"valueName\":\"search_term_string\"}}],\"inLanguage\":\"en-US\"},{\"@type\":\"Organization\",\"@id\":\"https:\\\/\\\/livbyneher.betacenter.net\\\/en\\\/#organization\",\"name\":\"LIV by Neher\",\"url\":\"https:\\\/\\\/livbyneher.betacenter.net\\\/en\\\/\",\"logo\":{\"@type\":\"ImageObject\",\"inLanguage\":\"en-US\",\"@id\":\"https:\\\/\\\/livbyneher.betacenter.net\\\/en\\\/#\\\/schema\\\/logo\\\/image\\\/\",\"url\":\"https:\\\/\\\/livbyneher.betacenter.net\\\/wp-content\\\/uploads\\\/2023\\\/11\\\/LIV-Logo.svg\",\"contentUrl\":\"https:\\\/\\\/livbyneher.betacenter.net\\\/wp-content\\\/uploads\\\/2023\\\/11\\\/LIV-Logo.svg\",\"width\":57,\"height\":53,\"caption\":\"LIV by Neher\"},\"image\":{\"@id\":\"https:\\\/\\\/livbyneher.betacenter.net\\\/en\\\/#\\\/schema\\\/logo\\\/image\\\/\"}}]}<\/script>\n<!-- \/ Yoast SEO plugin. -->","yoast_head_json":{"title":"Schutzdeckel f\u00fcr Gl\u00e4ser in 2er Set - LIV by Neher","description":"Holzdeckel f\u00fcr Gl\u00e4ser & Tassen im 2er-Set \u2013 Insektenschutz aus unbehandeltem Buchenholz. Handgemacht in inklusiver Werkstatt.","robots":{"index":"index","follow":"follow","max-snippet":"max-snippet:-1","max-image-preview":"max-image-preview:large","max-video-preview":"max-video-preview:-1"},"canonical":"https:\/\/livbyneher.betacenter.net\/en\/produkt\/schutzdeckel-fuer-glaeser-in-2er-set\/","og_locale":"en_US","og_type":"article","og_title":"Schutzdeckel f\u00fcr Gl\u00e4ser in 2er Set - LIV by Neher","og_description":"Holzdeckel f\u00fcr Gl\u00e4ser & Tassen im 2er-Set \u2013 Insektenschutz aus unbehandeltem Buchenholz. Handgemacht in inklusiver Werkstatt.","og_url":"https:\/\/livbyneher.betacenter.net\/en\/produkt\/schutzdeckel-fuer-glaeser-in-2er-set\/","og_site_name":"LIV by Neher","article_modified_time":"2025-12-09T15:07:42+00:00","og_image":[{"width":1020,"height":1020,"url":"https:\/\/livbyneher.betacenter.net\/wp-content\/uploads\/2025\/06\/Holz_Deckel_Glas.jpg","type":"image\/jpeg"}],"twitter_card":"summary_large_image","twitter_misc":{"Est. reading time":"2 minutes"},"schema":{"@context":"https:\/\/schema.org","@graph":[{"@type":"WebPage","@id":"https:\/\/livbyneher.betacenter.net\/en\/produkt\/schutzdeckel-fuer-glaeser-in-2er-set\/","url":"https:\/\/livbyneher.betacenter.net\/en\/produkt\/schutzdeckel-fuer-glaeser-in-2er-set\/","name":"Schutzdeckel f\u00fcr Gl\u00e4ser in 2er Set - LIV by Neher","isPartOf":{"@id":"https:\/\/livbyneher.betacenter.net\/en\/#website"},"primaryImageOfPage":{"@id":"https:\/\/livbyneher.betacenter.net\/en\/produkt\/schutzdeckel-fuer-glaeser-in-2er-set\/#primaryimage"},"image":{"@id":"https:\/\/livbyneher.betacenter.net\/en\/produkt\/schutzdeckel-fuer-glaeser-in-2er-set\/#primaryimage"},"thumbnailUrl":"https:\/\/livbyneher.betacenter.net\/wp-content\/uploads\/2025\/06\/Holz_Deckel_Glas.jpg","datePublished":"2025-06-05T07:36:19+00:00","dateModified":"2025-12-09T15:07:42+00:00","description":"Holzdeckel f\u00fcr Gl\u00e4ser & Tassen im 2er-Set \u2013 Insektenschutz aus unbehandeltem Buchenholz. Handgemacht in inklusiver Werkstatt.","breadcrumb":{"@id":"https:\/\/livbyneher.betacenter.net\/en\/produkt\/schutzdeckel-fuer-glaeser-in-2er-set\/#breadcrumb"},"inLanguage":"en-US","potentialAction":[{"@type":"ReadAction","target":["https:\/\/livbyneher.betacenter.net\/en\/produkt\/schutzdeckel-fuer-glaeser-in-2er-set\/"]}]},{"@type":"ImageObject","inLanguage":"en-US","@id":"https:\/\/livbyneher.betacenter.net\/en\/produkt\/schutzdeckel-fuer-glaeser-in-2er-set\/#primaryimage","url":"https:\/\/livbyneher.betacenter.net\/wp-content\/uploads\/2025\/06\/Holz_Deckel_Glas.jpg","contentUrl":"https:\/\/livbyneher.betacenter.net\/wp-content\/uploads\/2025\/06\/Holz_Deckel_Glas.jpg","width":1020,"height":1020},{"@type":"BreadcrumbList","@id":"https:\/\/livbyneher.betacenter.net\/en\/produkt\/schutzdeckel-fuer-glaeser-in-2er-set\/#breadcrumb","itemListElement":[{"@type":"ListItem","position":1,"name":"Startseite","item":"https:\/\/livbyneher.betacenter.net\/en\/home-page-2\/"},{"@type":"ListItem","position":2,"name":"Shop","item":"https:\/\/livbyneher.betacenter.net\/en\/shop\/"},{"@type":"ListItem","position":3,"name":"Schutzdeckel f\u00fcr Gl\u00e4ser in 2er Set"}]},{"@type":"WebSite","@id":"https:\/\/livbyneher.betacenter.net\/en\/#website","url":"https:\/\/livbyneher.betacenter.net\/en\/","name":"LIV by Neher","description":"Your insect savior. Gentle on insects. Practical for you.","publisher":{"@id":"https:\/\/livbyneher.betacenter.net\/en\/#organization"},"potentialAction":[{"@type":"SearchAction","target":{"@type":"EntryPoint","urlTemplate":"https:\/\/livbyneher.betacenter.net\/en\/?s={search_term_string}"},"query-input":{"@type":"PropertyValueSpecification","valueRequired":true,"valueName":"search_term_string"}}],"inLanguage":"en-US"},{"@type":"Organization","@id":"https:\/\/livbyneher.betacenter.net\/en\/#organization","name":"LIV by Neher","url":"https:\/\/livbyneher.betacenter.net\/en\/","logo":{"@type":"ImageObject","inLanguage":"en-US","@id":"https:\/\/livbyneher.betacenter.net\/en\/#\/schema\/logo\/image\/","url":"https:\/\/livbyneher.betacenter.net\/wp-content\/uploads\/2023\/11\/LIV-Logo.svg","contentUrl":"https:\/\/livbyneher.betacenter.net\/wp-content\/uploads\/2023\/11\/LIV-Logo.svg","width":57,"height":53,"caption":"LIV by Neher"},"image":{"@id":"https:\/\/livbyneher.betacenter.net\/en\/#\/schema\/logo\/image\/"}}]}},"_links":{"self":[{"href":"https:\/\/livbyneher.betacenter.net\/en\/wp-json\/wp\/v2\/product\/4282","targetHints":{"allow":["GET"]}}],"collection":[{"href":"https:\/\/livbyneher.betacenter.net\/en\/wp-json\/wp\/v2\/product"}],"about":[{"href":"https:\/\/livbyneher.betacenter.net\/en\/wp-json\/wp\/v2\/types\/product"}],"replies":[{"embeddable":true,"href":"https:\/\/livbyneher.betacenter.net\/en\/wp-json\/wp\/v2\/comments?post=4282"}],"wp:featuredmedia":[{"embeddable":true,"href":"https:\/\/livbyneher.betacenter.net\/en\/wp-json\/wp\/v2\/media\/4363"}],"wp:attachment":[{"href":"https:\/\/livbyneher.betacenter.net\/en\/wp-json\/wp\/v2\/media?parent=4282"}],"wp:term":[{"taxonomy":"product_brand","embeddable":true,"href":"https:\/\/livbyneher.betacenter.net\/en\/wp-json\/wp\/v2\/product_brand?post=4282"},{"taxonomy":"product_cat","embeddable":true,"href":"https:\/\/livbyneher.betacenter.net\/en\/wp-json\/wp\/v2\/product_cat?post=4282"},{"taxonomy":"product_tag","embeddable":true,"href":"https:\/\/livbyneher.betacenter.net\/en\/wp-json\/wp\/v2\/product_tag?post=4282"}],"curies":[{"name":"wp","href":"https:\/\/api.w.org\/{rel}","templated":true}]}}